{"id":410,"date":"2014-02-16T18:25:29","date_gmt":"2014-02-16T17:25:29","guid":{"rendered":"http:\/\/localhost:8888\/wordpress\/?page_id=410"},"modified":"2017-04-17T14:11:55","modified_gmt":"2017-04-17T14:11:55","slug":"patrimoine-naturel","status":"publish","type":"page","link":"https:\/\/patrimoinesdemartigny.ch\/wordpress\/patrimoines\/patrimoine-naturel\/","title":{"rendered":"Patrimoine naturel"},"content":{"rendered":"<p style=\"text-align: justify;\"><em>Au titre du patrimoine naturel local, il faut citer en premier lieu la valeur paysag\u00e8re de notre r\u00e9gion\u00a0: les coteaux du Mont-Chemin, \u00e0 l\u2019arborisation vari\u00e9e, font face au mont de Ravoire, dont les vignes en murs de pierres s\u00e8ches t\u00e9moignent d\u2019une activit\u00e9 s\u00e9culaire. Entre les deux s\u2019\u00e9tend l\u2019agglom\u00e9ration, dont le d\u00e9veloppement a profond\u00e9ment modifi\u00e9, et de mani\u00e8re irr\u00e9versible, la nature m\u00eame de la plaine. Apr\u00e8s les marais et les dunes, dont le XXe si\u00e8cle vit la disparition, la campagne et les cultures ont disparu ou reculent sous l\u2019extension des zones \u00e0 construire.<\/em><\/p>\n<p style=\"text-align: justify;\"><a href=\"http:\/\/doc.rero.ch\/record\/22161?ln=fr\" target=\"_blank\"><img alt=\"\" loading=\"lazy\" decoding=\"async\" class=\"alignleft wp-image-554 size-thumbnail\" src=\"http:\/\/patrimoinesdemartigny.com\/wordpress\/wp-content\/uploads\/2014\/02\/Arbres-150x150.jpg\" alt=\"\" width=\"150\" height=\"150\" srcset=\"https:\/\/patrimoinesdemartigny.ch\/wordpress\/wp-content\/uploads\/2014\/02\/Arbres-150x150.jpg 150w, https:\/\/patrimoinesdemartigny.ch\/wordpress\/wp-content\/uploads\/2014\/02\/Arbres-1015x1024.jpg 1015w\" sizes=\"auto, (max-width: 150px) 100vw, 150px\" \/><\/a>L\u2019action de notre association s\u2019est voulue avant tout informative et p\u00e9dagogique, en attirant l\u2019attention du public sur des \u00e9l\u00e9ments familiers mais n\u00e9glig\u00e9s\u00a0: les arbres, les parcs, le r\u00e9seau des meuni\u00e8res, etc. En ville m\u00eame, apr\u00e8s des d\u00e9cennies de n\u00e9gligence, on tente de redonner un certain cachet \u00e0 un centre historique (Coin de la Ville, place Centrale) qui avait \u00e9t\u00e9 longtemps sacrifi\u00e9 au trafic automobile. Par une heureuse initiative des services forestiers, une revitalisation du coteau du Mont-Chemin a \u00e9t\u00e9 entreprise et porte aujourd\u2019hui ses fruits.<\/p>\n<p style=\"text-align: justify;\">Si une prise de conscience semble se faire peu \u00e0 peu jour pour maintenir un cadre de vie de qualit\u00e9, on peut regretter que certains sites n\u2019aient pas pu \u00eatre pr\u00e9serv\u00e9s \u00e0 temps pour offrir en plaine m\u00eame des \u00eelots de verdure: le parc Alpinus, r\u00e9duit aujourd\u2019hui \u00e0 une \u00e9troite portion, le pied du mont, grignot\u00e9 inexorablement, des meuni\u00e8res mises de plus en plus souvent en conduites, etc.<\/p>\n<p style=\"text-align: justify;\">\n","protected":false},"excerpt":{"rendered":"<p>Au titre du patrimoine naturel local, il faut citer en premier lieu la valeur paysag\u00e8re de notre r\u00e9gion\u00a0: les coteaux du Mont-Chemin, \u00e0 l\u2019arborisation vari\u00e9e, font face au mont de Ravoire, dont les vignes en murs de pierres s\u00e8ches t\u00e9moignent d\u2019une activit\u00e9 s\u00e9culaire. Entre les deux s\u2019\u00e9tend l\u2019agglom\u00e9ration, dont le d\u00e9veloppement a profond\u00e9ment modifi\u00e9, et&#8230;<\/p>\n","protected":false},"author":1,"featured_media":0,"parent":357,"menu_order":0,"comment_status":"closed","ping_status":"closed","template":"sidebar-page.php","meta":{"_seopress_robots_primary_cat":"","_seopress_titles_title":"","_seopress_titles_desc":"","_seopress_robots_index":"","footnotes":""},"class_list":["post-410","page","type-page","status-publish","hentry"],"jetpack_sharing_enabled":true,"_links":{"self":[{"href":"https:\/\/patrimoinesdemartigny.ch\/wordpress\/wp-json\/wp\/v2\/pages\/410","targetHints":{"allow":["GET"]}}],"collection":[{"href":"https:\/\/patrimoinesdemartigny.ch\/wordpress\/wp-json\/wp\/v2\/pages"}],"about":[{"href":"https:\/\/patrimoinesdemartigny.ch\/wordpress\/wp-json\/wp\/v2\/types\/page"}],"author":[{"embeddable":true,"href":"https:\/\/patrimoinesdemartigny.ch\/wordpress\/wp-json\/wp\/v2\/users\/1"}],"replies":[{"embeddable":true,"href":"https:\/\/patrimoinesdemartigny.ch\/wordpress\/wp-json\/wp\/v2\/comments?post=410"}],"version-history":[{"count":3,"href":"https:\/\/patrimoinesdemartigny.ch\/wordpress\/wp-json\/wp\/v2\/pages\/410\/revisions"}],"predecessor-version":[{"id":993,"href":"https:\/\/patrimoinesdemartigny.ch\/wordpress\/wp-json\/wp\/v2\/pages\/410\/revisions\/993"}],"up":[{"embeddable":true,"href":"https:\/\/patrimoinesdemartigny.ch\/wordpress\/wp-json\/wp\/v2\/pages\/357"}],"wp:attachment":[{"href":"https:\/\/patrimoinesdemartigny.ch\/wordpress\/wp-json\/wp\/v2\/media?parent=410"}],"curies":[{"name":"wp","href":"https:\/\/api.w.org\/{rel}","templated":true}]}}